{"id":2,"date":"2015-03-10T18:21:14","date_gmt":"2015-03-10T18:21:14","guid":{"rendered":"http:\/\/www.parquedelchoapa.cl\/home\/?page_id=2"},"modified":"2025-06-30T14:56:54","modified_gmt":"2025-06-30T18:56:54","slug":"productos","status":"publish","type":"page","link":"https:\/\/www.parquedelchoapa.cl\/home\/productos\/","title":{"rendered":"Productos"},"content":{"rendered":"<h2 style=\"text-align: center;\"><em>\u00bfTomar Acci\u00f3n Ahora o Planificar con Tiempo?<\/em><\/h2>\n<hr \/>\n<ul>\n<li>\n<h6><strong><em>Necesidad Inmediata:<\/em><\/strong> <span style=\"font-size: revert;\">Dirigida a quienes requieren una soluci\u00f3n r\u00e1pida tras el fallecimiento de un ser querido. La gesti\u00f3n es \u00e1gil, buscando minimizar la carga emocional de la familia en un momento dif\u00edcil. Se centra en opciones disponibles de inmediato y en una atenci\u00f3n eficiente.<\/span><\/h6>\n<\/li>\n<li><hr \/>\n<h6><strong><em>Necesidad Futura:<\/em><\/strong> <span style=\"font-size: revert;\">Pensada para quienes desean planificar con anticipaci\u00f3n, asegurando un espacio sin la presi\u00f3n del momento. Ofrece beneficios como precios preferenciales, la posibilidad de elegir con calma el tipo y ubicaci\u00f3n de la sepultura. Adem\u00e1s, evita que los familiares deban tomar decisiones apresuradas en un contexto de duelo.<\/span><\/h6>\n<\/li>\n<\/ul>\n<hr \/>\n<h5 style=\"text-align: center;\">Sepulturas perpetuas bajo c\u00e9sped en estructuras de hormig\u00f3n, incluyen sarc\u00f3fagos.<\/h5>\n<p><img loading=\"lazy\" decoding=\"async\" class=\"aligncenter size-full wp-image-569\" src=\"https:\/\/www.parquedelchoapa.cl\/home\/wp-content\/uploads\/2025\/06\/Sepult_v2.jpg\" alt=\"\" width=\"700\" height=\"539\" srcset=\"https:\/\/www.parquedelchoapa.cl\/home\/wp-content\/uploads\/2025\/06\/Sepult_v2.jpg 700w, https:\/\/www.parquedelchoapa.cl\/home\/wp-content\/uploads\/2025\/06\/Sepult_v2-300x231.jpg 300w\" sizes=\"auto, (max-width: 700px) 100vw, 700px\" \/> <img loading=\"lazy\" decoding=\"async\" class=\"aligncenter size-full wp-image-570\" src=\"https:\/\/www.parquedelchoapa.cl\/home\/wp-content\/uploads\/2025\/06\/Sepult_v3.jpg\" alt=\"\" width=\"700\" height=\"539\" srcset=\"https:\/\/www.parquedelchoapa.cl\/home\/wp-content\/uploads\/2025\/06\/Sepult_v3.jpg 700w, https:\/\/www.parquedelchoapa.cl\/home\/wp-content\/uploads\/2025\/06\/Sepult_v3-300x231.jpg 300w\" sizes=\"auto, (max-width: 700px) 100vw, 700px\" \/><\/p>\n<hr \/>\n<h5>Incluye l\u00e1pida de granito con opci\u00f3n de cambio a l\u00e1pida de m\u00e1rmol con costo adicional, excepto en sector Los Tuliperos.<\/h5>\n<p><img loading=\"lazy\" decoding=\"async\" class=\"size-full wp-image-597\" src=\"https:\/\/www.parquedelchoapa.cl\/home\/wp-content\/uploads\/2025\/06\/Lapidas.copia_.jpg\" alt=\"\" width=\"1701\" height=\"683\" srcset=\"https:\/\/www.parquedelchoapa.cl\/home\/wp-content\/uploads\/2025\/06\/Lapidas.copia_.jpg 1701w, https:\/\/www.parquedelchoapa.cl\/home\/wp-content\/uploads\/2025\/06\/Lapidas.copia_-300x120.jpg 300w, https:\/\/www.parquedelchoapa.cl\/home\/wp-content\/uploads\/2025\/06\/Lapidas.copia_-1024x411.jpg 1024w, https:\/\/www.parquedelchoapa.cl\/home\/wp-content\/uploads\/2025\/06\/Lapidas.copia_-768x308.jpg 768w, https:\/\/www.parquedelchoapa.cl\/home\/wp-content\/uploads\/2025\/06\/Lapidas.copia_-1536x617.jpg 1536w\" sizes=\"auto, (max-width: 1701px) 100vw, 1701px\" \/><\/p>\n<hr \/>\n<h5>Disponemos de floreros especialmente dise\u00f1ados para sepulturas en c\u00e9sped, los que har\u00e1n perdurar la belleza de sus flores.<\/h5>\n<p><img loading=\"lazy\" decoding=\"async\" class=\"size-full wp-image-604\" src=\"https:\/\/www.parquedelchoapa.cl\/home\/wp-content\/uploads\/2025\/06\/Floreros01.jpg\" alt=\"\" width=\"2062\" height=\"656\" srcset=\"https:\/\/www.parquedelchoapa.cl\/home\/wp-content\/uploads\/2025\/06\/Floreros01.jpg 2062w, https:\/\/www.parquedelchoapa.cl\/home\/wp-content\/uploads\/2025\/06\/Floreros01-300x95.jpg 300w, https:\/\/www.parquedelchoapa.cl\/home\/wp-content\/uploads\/2025\/06\/Floreros01-1024x326.jpg 1024w, https:\/\/www.parquedelchoapa.cl\/home\/wp-content\/uploads\/2025\/06\/Floreros01-768x244.jpg 768w, https:\/\/www.parquedelchoapa.cl\/home\/wp-content\/uploads\/2025\/06\/Floreros01-1536x489.jpg 1536w, https:\/\/www.parquedelchoapa.cl\/home\/wp-content\/uploads\/2025\/06\/Floreros01-2048x652.jpg 2048w\" sizes=\"auto, (max-width: 2062px) 100vw, 2062px\" \/><\/p>\n\n\n<p><\/p>\n","protected":false},"excerpt":{"rendered":"<p>\u00bfTomar Acci\u00f3n Ahora o Planificar con Tiempo? Necesidad Inmediata: Dirigida a quienes requieren una soluci\u00f3n r\u00e1pida tras el fallecimiento de un ser querido. La gesti\u00f3n es \u00e1gil, buscando minimizar la carga emocional de la familia en un momento dif\u00edcil. Se<\/p>\n","protected":false},"author":1,"featured_media":0,"parent":0,"menu_order":0,"comment_status":"closed","ping_status":"closed","template":"","meta":{"footnotes":""},"class_list":["post-2","page","type-page","status-publish","hentry"],"_links":{"self":[{"href":"https:\/\/www.parquedelchoapa.cl\/home\/wp-json\/wp\/v2\/pages\/2","targetHints":{"allow":["GET"]}}],"collection":[{"href":"https:\/\/www.parquedelchoapa.cl\/home\/wp-json\/wp\/v2\/pages"}],"about":[{"href":"https:\/\/www.parquedelchoapa.cl\/home\/wp-json\/wp\/v2\/types\/page"}],"author":[{"embeddable":true,"href":"https:\/\/www.parquedelchoapa.cl\/home\/wp-json\/wp\/v2\/users\/1"}],"replies":[{"embeddable":true,"href":"https:\/\/www.parquedelchoapa.cl\/home\/wp-json\/wp\/v2\/comments?post=2"}],"version-history":[{"count":52,"href":"https:\/\/www.parquedelchoapa.cl\/home\/wp-json\/wp\/v2\/pages\/2\/revisions"}],"predecessor-version":[{"id":607,"href":"https:\/\/www.parquedelchoapa.cl\/home\/wp-json\/wp\/v2\/pages\/2\/revisions\/607"}],"wp:attachment":[{"href":"https:\/\/www.parquedelchoapa.cl\/home\/wp-json\/wp\/v2\/media?parent=2"}],"curies":[{"name":"wp","href":"https:\/\/api.w.org\/{rel}","templated":true}]}}